{"id":12,"date":"2011-02-10T10:46:07","date_gmt":"2011-02-10T10:46:07","guid":{"rendered":"http:\/\/startwejherowo.pl\/?page_id=24"},"modified":"2025-04-01T17:56:18","modified_gmt":"2025-04-01T17:56:18","slug":"kalendarz-imprez","status":"publish","type":"page","link":"http:\/\/startwejherowo.pl\/?page_id=12","title":{"rendered":"Kalendarz imprez"},"content":{"rendered":"\n<figure class=\"wp-block-image size-large is-resized\"><a href=\"http:\/\/startwejherowo.pl\/wp-content\/uploads\/2025\/04\/Zrzut-ekranu-2025-04-1-o-19.54.31.png\"><img src=\"http:\/\/startwejherowo.pl\/wp-content\/uploads\/2025\/04\/Zrzut-ekranu-2025-04-1-o-19.54.31-725x1024.png\" alt=\"\" class=\"wp-image-1593\" width=\"600\" srcset=\"http:\/\/startwejherowo.pl\/wp-content\/uploads\/2025\/04\/Zrzut-ekranu-2025-04-1-o-19.54.31-725x1024.png 725w, http:\/\/startwejherowo.pl\/wp-content\/uploads\/2025\/04\/Zrzut-ekranu-2025-04-1-o-19.54.31-213x300.png 213w, http:\/\/startwejherowo.pl\/wp-content\/uploads\/2025\/04\/Zrzut-ekranu-2025-04-1-o-19.54.31-768x1084.png 768w, http:\/\/startwejherowo.pl\/wp-content\/uploads\/2025\/04\/Zrzut-ekranu-2025-04-1-o-19.54.31.png 872w\" sizes=\"(max-width: 725px) 100vw, 725px\" \/><\/a><\/figure>\n\n\n\n<p><\/p>\n\n\n\n<p><strong>&nbsp;&nbsp; &nbsp; &nbsp; &nbsp; &nbsp; &nbsp; &nbsp; <\/strong><\/p>\n\n\n\n<figure class=\"wp-block-image size-large is-resized\"><a href=\"http:\/\/startwejherowo.pl\/wp-content\/uploads\/2024\/04\/Zrzut-ekranu-2024-04-5-o-20.02.19.png\"><img src=\"http:\/\/startwejherowo.pl\/wp-content\/uploads\/2024\/04\/Zrzut-ekranu-2024-04-5-o-20.02.19-694x1024.png\" alt=\"\" class=\"wp-image-1494\" width=\"615\" srcset=\"http:\/\/startwejherowo.pl\/wp-content\/uploads\/2024\/04\/Zrzut-ekranu-2024-04-5-o-20.02.19-694x1024.png 694w, http:\/\/startwejherowo.pl\/wp-content\/uploads\/2024\/04\/Zrzut-ekranu-2024-04-5-o-20.02.19-203x300.png 203w, http:\/\/startwejherowo.pl\/wp-content\/uploads\/2024\/04\/Zrzut-ekranu-2024-04-5-o-20.02.19-768x1133.png 768w, http:\/\/startwejherowo.pl\/wp-content\/uploads\/2024\/04\/Zrzut-ekranu-2024-04-5-o-20.02.19.png 781w\" sizes=\"(max-width: 694px) 100vw, 694px\" \/><\/a><\/figure>\n\n\n\n<p><strong>Kalendarz Imprez Sportowo \u2013 Integracyjnych<\/strong><\/p>\n\n\n\n<p><strong>&nbsp; &nbsp; &nbsp; &nbsp; &nbsp; &nbsp; &nbsp; &nbsp; &nbsp; &nbsp; &nbsp; &nbsp; &nbsp; &nbsp; &nbsp; &nbsp; &nbsp; &nbsp; &nbsp; &nbsp; &nbsp; &nbsp; &nbsp; &nbsp; na 2023 r.<\/strong><\/p>\n\n\n\n<figure class=\"wp-block-table\"><table><tbody><tr><td><strong>Lp<\/strong><\/td><td><strong>IMPREZA<\/strong><\/td><td><strong>&nbsp; &nbsp; &nbsp; &nbsp; DATA<\/strong><\/td><td><strong>&nbsp;&nbsp; MIEJSCE<\/strong><\/td><\/tr><tr><td><br>&nbsp; 1.<\/td><td>Mistrzostwa Polski Os\u00f3b Niepe\u0142nosprawnych w Szachach Klasycznych<\/td><td><br>&nbsp; 27.II- 08.III.2023 r.<\/td><td><br>Karpacz<\/td><\/tr><tr><td><br>&nbsp; 2-6<\/td><td>Udzia\u0142 w Rozgrywkach III i IV Ligi Tenisa Sto\u0142owego \/ sezon 2022-2023\/<\/td><td><br>&nbsp; &nbsp; &nbsp; &nbsp; &nbsp; I &#8211; IV. 2023 r.<\/td><td>Wojew\u00f3dztwo pomorskie<\/td><\/tr><tr><td>&nbsp;&nbsp; &nbsp;&nbsp; 7.<\/td><td>Indywidualne Mistrzostwa Polski w Tenisie Sto\u0142owym &#8211; fina\u0142y<\/td><td><br>&nbsp; 21 \u2013 23. IV.2023 r.<\/td><td><br>Gda\u0144sk<\/td><\/tr><tr><td><br>&nbsp;&nbsp; 8.<\/td><td>Zawody Sportowe Os\u00f3b Niepe\u0142nosprawnych w Boccia, Tenisie sto\u0142owym i Szachach<\/td><td><br>&nbsp;&nbsp; 12 \u2013 14.V.2023 r.<\/td><td><br>\u0141eba<\/td><\/tr><tr><td>&nbsp;&nbsp; &nbsp;&nbsp; 9.<\/td><td>Og\u00f3lnopolski Turniej Os\u00f3b Niepe\u0142nosprawnych w Boccia<\/td><td><br>&nbsp;&nbsp; &nbsp; 08-10.IX.2023 r.<\/td><td><br>Szczecin<\/td><\/tr><tr><td>&nbsp; &nbsp;10.<\/td><td>Og\u00f3lnopolski Turniej Tenisa Sto\u0142owego<br><\/td><td><br>&nbsp;&nbsp; &nbsp; 08-10.IX.2023 r.<\/td><td>Mausz Sul\u0119czyno<\/td><\/tr><tr><td>&nbsp; &nbsp;11.<\/td><td>Puchar Polski Os\u00f3b Niepe\u0142nosprawnych &nbsp;w Szachach<\/td><td><br>&nbsp;&nbsp; &nbsp; &nbsp; &nbsp; &nbsp; &nbsp; &nbsp; IX.2023 r<\/td><td><br>Niechorze<\/td><\/tr><tr><td><br>12-17.<\/td><td>Udzia\u0142 w rozgrywkach III Ligi Tenisa Sto\u0142owego \/sezon 2023-2024\/<\/td><td><br>&nbsp;&nbsp; &nbsp; I X \u2013 XII. 2023 r.<\/td><td><br>Wojew\u00f3dztwo Pomorskie<\/td><\/tr><tr><td>&nbsp;&nbsp; &nbsp;18.<\/td><td>&nbsp;1 Grand Prix Polski Niepe\u0142nosprawnych&nbsp; &nbsp;W Tenisie Sto\u0142owym<\/td><td><br>&nbsp;&nbsp; 23-24. IX. 2023 r.<\/td><td><br>Pleszew<\/td><\/tr><tr><td>&nbsp; &nbsp;19.<\/td><td><br>Og\u00f3lnopolski Turniej Bocci<\/td><td><br>&nbsp; &nbsp; 06-08. X. 2023 r.<\/td><td>Mausz Sul\u0119czyno<\/td><\/tr><tr><td>&nbsp; &nbsp;20. &nbsp;&nbsp;<\/td><td>Otwarte Mistrzostwa Powiatu Wejherowskiego w Boccia<\/td><td><br>&nbsp;&nbsp; &nbsp; &nbsp; &nbsp; &nbsp; 22.X.2023 r.<\/td><td><br>Wejherowo<\/td><\/tr><tr><td><br>&nbsp; 21.<\/td><td>2 Grand Prix Polski Os\u00f3b Niepe\u0142nosprawnych w Tenisie Sto\u0142owym<\/td><td><br>&nbsp; &nbsp; 21-22. X. 2023 r.<\/td><td><br>Bydgoszcz<\/td><\/tr><tr><td><br>&nbsp; 22.<\/td><td>3 Grand Prix Polski Os\u00f3b Niepe\u0142nosprawnych w tenisie sto\u0142owym<\/td><td><br>&nbsp; &nbsp; 25-26. XI.2023 r.<\/td><td><br>Bia\u0142ystok<\/td><\/tr><tr><td><br>23-24 &nbsp; &nbsp;<\/td><td>Indywidualne Mistrzostwa n\/Stowarzyszenia w Tenisie Sto\u0142owym, Boccia&nbsp;<\/td><td><br>&nbsp;&nbsp; &nbsp; &nbsp; IV kw. 2023 r.<\/td><td><br>Wejherowo<\/td><\/tr><tr><td>&nbsp; &nbsp;25.<\/td><td>Og\u00f3lnopolskie Zawody Sportowe w ramach Obchod\u00f3w \u015awiatowego Dnia Os\u00f3b Niepe\u0142nosprawnych<\/td><td><br>01-03. XII.2023 r.<\/td><td><br>&nbsp;Grudzi\u0105dz<\/td><\/tr><tr><td>&nbsp;26.<\/td><td>Mistrzostwa Polski Amator\u00f3w w Szachach Szybkich<\/td><td><br>18.03.2023<\/td><td>P\u0119g\u00f3w&nbsp; woj.\u015bl\u0105skie<\/td><\/tr><\/tbody><\/table><\/figure>\n\n\n\n<p><strong>\/ plus ew. inne imprezy wynikaj\u0105ce z bie\u017c\u0105cych potrzeb\/<\/strong><\/p>\n\n\n\n<h2 class=\"has-text-align-center\"><strong>Imprezy sportowe w 2022<\/strong><\/h2>\n\n\n\n<figure class=\"wp-block-table\"><table><tbody><tr><td><strong>Lp<\/strong><\/td><td><strong>IMPREZA<\/strong><\/td><td><strong>&nbsp; &nbsp; &nbsp; &nbsp; DATA<\/strong><\/td><td><strong>&nbsp;&nbsp; MIEJSCE<\/strong><\/td><\/tr><tr><td><br>&nbsp; 1.<\/td><td>Mistrzostwa Polski Os\u00f3b Niepe\u0142nosprawnych w Szachach Klasycznych<\/td><td><br>&nbsp; 28.II- 09.III.2022 r.<\/td><td><br>Karpacz<\/td><\/tr><tr><td><br>&nbsp; 2.<\/td><td>Mistrzostwa Polski w Szachach Szybkich I B\u0142yskawicznych<\/td><td><br>&nbsp;&nbsp; 10 \u2013 13.III.2022 r.<\/td><td><br>Bydgoszcz<\/td><\/tr><tr><td><br>3-13.<\/td><td>Udzia\u0142 w Rozgrywkach III i IV Ligi Tenisa Sto\u0142owego \/ sezon 2021-2022\/<\/td><td><br>&nbsp; &nbsp; &nbsp; &nbsp; &nbsp; I &#8211; IV. 2022 r.<\/td><td>Wojew\u00f3dztwo pomorskie<\/td><\/tr><tr><td><br>&nbsp; 14.<\/td><td>Dru\u017cynowe Mistrzostwa Polski w Tenisie Sto\u0142owym<\/td><td><br>&nbsp;23 \u2013 24. IV 2022 r.<\/td><td><br>Tarnobrzeg<\/td><\/tr><tr><td><br>&nbsp; 15.<\/td><td>Zawody Sportowe Os\u00f3b Niepe\u0142nosprawnych w Boccia&nbsp;<\/td><td><br>&nbsp;&nbsp; 13 \u2013 15.V.2022 r.<\/td><td><br>\u0141eba<\/td><\/tr><tr><td><br>&nbsp; 16.<\/td><td>Indywidualne Mistrzostwa Polski w Tenisie Sto\u0142owym &#8211; fina\u0142y<\/td><td><br>&nbsp; 20 \u2013 22.V. 2022 r.&nbsp;<\/td><td><br>Gda\u0144sk<\/td><\/tr><tr><td><br>&nbsp; 17.<\/td><td>Og\u00f3lnopolski Turniej Tenisa Sto\u0142owego<br><\/td><td><br>&nbsp; 02\u2013 04.IX. 2022 r.<\/td><td>Mausz Sul\u0119czyno<\/td><\/tr><tr><td><br>&nbsp; 18.<\/td><td>Zawody Sportowe Os\u00f3b Niepe\u0142nosprawnych w Tenisie Sto\u0142owym i w Szachach<\/td><td><br>&nbsp;16 \u2013 18.IX. 2022 r.<\/td><td><br>Jastrz\u0119bia G\u00f3ra<\/td><\/tr><tr><td><br>&nbsp; 19.<\/td><td>Og\u00f3lnopolski Turniej Bocci<\/td><td><br>30.IX\u201302. X.2022 r<\/td><td>Mausz Sul\u0119czyno<\/td><\/tr><tr><td><br>&nbsp; 20.<\/td><td>Otwarte Mistrzostwa Powiatu Wejherowskiego w Boccia<\/td><td><br>&nbsp;&nbsp; 16 \u2013 23.X.2022 r.<\/td><td><br>Wejherowo<\/td><\/tr><tr><td><br>&nbsp; 21.<\/td><td>Mistrzostwa Polski Os\u00f3b Niepe\u0142nosprawnych w Szachach Szybkich i B\u0142yskawicznych &nbsp;<\/td><td><br>&nbsp; 21 \u2013 23. X.2022 r.<\/td><td>Gorz\u00f3w Wielkopolski<\/td><\/tr><tr><td><br>22-23.<\/td><td>Udzia\u0142 w rozgrywkach III i IV Ligi Tenisa Sto\u0142owego \/sezon 2022 \u2013 2023\/<\/td><td><br>&nbsp;&nbsp; &nbsp; IX \u2013 XII. 2022 r.<\/td><td>Wojew\u00f3dztwo pomorskie<\/td><\/tr><tr><td><br>&nbsp; 24.<\/td><td>Og\u00f3lnopolskie Zawody Sportowe w ramach Obchod\u00f3w \u015awiatowego Dnia Os\u00f3b Niepe\u0142nosprawnych<\/td><td><br>&nbsp; 02\u2013 04.XII.2022 r.<\/td><td><br>Grudzi\u0105dz<\/td><\/tr><tr><td><br>&nbsp;&nbsp; 25.<\/td><td>Indywidualne Mistrzostwa n\/Stowarzyszenia w Tenisie Sto\u0142owym, Boccia i Szachach<\/td><td><br>&nbsp;&nbsp; &nbsp; &nbsp; IV kw. 2022 r.<\/td><td><br>Wejherowo<\/td><\/tr><\/tbody><\/table><\/figure>\n\n\n\n<p class=\"has-text-align-center\"><strong>Kalendarz&nbsp; Imprez Sportowo-Integracyjnych<\/strong><\/p>\n\n\n\n<p class=\"has-text-align-center\">na 2019 r.<\/p>\n\n\n\n<figure class=\"wp-block-table\"><table><tbody><tr><td>Lp<\/td><td>&nbsp; &nbsp; &nbsp; &nbsp; &nbsp; &nbsp; &nbsp; &nbsp; &nbsp; IMPREZA<\/td><td>&nbsp; &nbsp; DATA<\/td><td>&nbsp;&nbsp; &nbsp; &nbsp; MIEJSCE<\/td><\/tr><tr><td>1-11<\/td><td>Udzia\u0142 w Rozgrywkach III Ligi Tenisa Sto\u0142owego \/ sezon 2018-19\/<\/td><td>I \u2013 IV. 2019r.<\/td><td>Wojew\u00f3dztwo pomorskie<\/td><\/tr><tr><td>12<\/td><td>Dru\u017cynowe Mistrzostwa Polski w tenisie sto\u0142owym<\/td><td>5 \u2013 7. IV.2019r.<\/td><td>Wis\u0142a<\/td><\/tr><tr><td>13.<\/td><td>Otwarte Mistrzostwa Powiatu Wejherowskiego w Boccia<\/td><td>04, 06-07. IV. 2019r.<\/td><td>Wejherowo<\/td><\/tr><tr><td>14.<\/td><td>Zawody Sportowe Os\u00f3b Niepe\u0142nosprawnych w Boccia<\/td><td>3-5. V. 2019r.<\/td><td>\u0141eba<\/td><\/tr><tr><td>15.<\/td><td>Indywidualne Mistrzostwa Polski w Tenisie Sto\u0142owym &#8211; fina\u0142y<\/td><td>16-19. V. 2019r.<\/td><td>Wis\u0142a<\/td><\/tr><tr><td>16.<\/td><td>Mistrzostwa \u015awiata Os\u00f3b Niepe\u0142nosprawnych w Szachach<\/td><td>27.VI-07.VII.2019r.<\/td><td>Ru\u017comberk S\u0142owacja<\/td><\/tr><tr><td>17.<\/td><td>Og\u00f3lnopolski Turniej Tenisa Sto\u0142owego<\/td><td>13-15. IX. 2019r.<\/td><td>Mausz Sul\u0119czyno<\/td><\/tr><tr><td>18.<\/td><td>Zawody Sportowe Os\u00f3b Niepe\u0142nosprawnych w Tenisie Sto\u0142owym i w Szachach&nbsp;<\/td><td>27-29. IX. 2019r.<\/td><td>\u0141eba<\/td><\/tr><tr><td>19-29.<\/td><td>Udzia\u0142 w rozgrywkach III Ligi Tenisa Sto\u0142owego \/sezon 2019-20\/<\/td><td>IX \u2013 XII. 2019r.<\/td><td>Wojew\u00f3dztwo pomorskie<\/td><\/tr><tr><td>30.<\/td><td>II\u201eGRAND PRIX\u201d Polski w tenisie sto\u0142owym<\/td><td>4-6.X.2019r.<\/td><td>Gda\u0144sk<\/td><\/tr><tr><td>31.<\/td><td>Og\u00f3lnopolski Turniej Boccia<\/td><td>4-6.X.2019r.<\/td><td>Mausz Sul\u0119czyno<\/td><\/tr><tr><td>32.<\/td><td>Mistrzostwa Polski w Szachach Szybkich i B\u0142yskawicznych<\/td><td>3-6.X. 2019r.<\/td><td>Bydgoszcz<\/td><\/tr><tr><td>33.<\/td><td>III \u201eGRAND PRIX\u201d Polski w tenisie sto\u0142owym<\/td><td>8-10.XI. 2019r.<\/td><td>Gda\u0144sk<\/td><\/tr><tr><td>34.<\/td><td>XXV Og\u00f3lnopolskie Zawody Sportowe w ramach Obchod\u00f3w \u015awiatowego Dnia Os\u00f3b Niepe\u0142nosprawnych<\/td><td>27.XI-1.XII.2019r.<\/td><td>Grudzi\u0105dz<\/td><\/tr><tr><td>35.<\/td><td>Mi\u0119dzynarodowe Zawody w Boccia<\/td><td>XII. 2019r.<\/td><td>Konopiska k\/Cz\u0119stochowy<\/td><\/tr><tr><td>36.<\/td><td>Puchar Polski Boccia Open w Zamo\u015bciu<\/td><td>Termin do uzgodnienia<\/td><td>Zamo\u015b\u0107<\/td><\/tr><\/tbody><\/table><\/figure>\n\n\n<p>&nbsp;<\/p>\n<p><strong><span style=\"color: #000000;\"><span style=\"font-size: large;\">&nbsp; &nbsp; &nbsp; &nbsp; &nbsp; &nbsp; &nbsp; Kalendarz Imprez Sportowo-Integracyjnych<\/span><\/span><\/strong><\/p>\n<p><strong><span style=\"color: #000000;\"><span style=\"font-size: large;\">&nbsp; &nbsp; &nbsp; &nbsp; &nbsp; &nbsp; &nbsp; &nbsp; &nbsp; &nbsp; &nbsp; &nbsp; &nbsp; &nbsp; &nbsp; &nbsp; &nbsp; &nbsp; &nbsp; &nbsp; na 2018 r.<\/span><\/span><\/strong><\/p>\n<table border=\"1\" width=\"571\" cellspacing=\"0\" cellpadding=\"7\">\n<colgroup>\n<col width=\"133\">\n<col width=\"127\">\n<col width=\"127\">\n<col width=\"126\"><\/colgroup>\n<tbody>\n<tr valign=\"TOP\">\n<td width=\"133\"><span style=\"color: #000000;\"><span style=\"font-size: large;\">Lp<\/span><\/span><\/td>\n<td width=\"127\"><span style=\"color: #000000;\"><span style=\"font-size: large;\">IMPREZA<\/span><\/span><\/td>\n<td width=\"127\"><span style=\"color: #000000;\"><span style=\"font-size: large;\">DATA<\/span><\/span><\/td>\n<td width=\"126\"><span style=\"color: #000000;\"><span style=\"font-size: large;\">MIEJSCE<\/span><\/span><\/td>\n<\/tr>\n<tr valign=\"TOP\">\n<td width=\"133\"><span style=\"color: #000000;\">1-11<\/span><\/td>\n<td width=\"127\"><span style=\"color: #000000;\">Udzia\u0142 w rozgrywkach III Ligi Tenisa Sto\u0142owego \/sezon 2017-18 \/<\/span><\/td>\n<td width=\"127\"><span style=\"color: #000000;\">I \u2013 IV. 2018<\/span><\/td>\n<td width=\"126\"><span style=\"color: #000000;\">Wojew\u00f3dztwo<\/span>&nbsp;<p><\/p>\n<p>&nbsp;<\/p>\n<p><span style=\"color: #000000;\">pomorskie<\/span><\/p>\n<\/td>\n<\/tr>\n<tr valign=\"TOP\">\n<td width=\"133\"><span style=\"color: #000000;\">12.<\/span><\/td>\n<td width=\"127\"><span style=\"color: #000000;\">Otwarte Mistrzostwa Powiatu Wejherowskiego w Boccia<\/span><\/td>\n<td width=\"127\"><span style=\"color: #000000;\">8,15,22. 04.2018<\/span><\/td>\n<td width=\"126\"><span style=\"color: #000000;\">Wejherowo<\/span><\/td>\n<\/tr>\n<tr valign=\"TOP\">\n<td width=\"133\"><span style=\"color: #000000;\">13.<\/span><\/td>\n<td width=\"127\"><span style=\"color: #000000;\">Og\u00f3lnopolski Turniej Szachowy<\/span><\/td>\n<td width=\"127\"><span style=\"color: #000000;\">6-13.06.2018<\/span><\/td>\n<td width=\"126\"><span style=\"color: #000000;\">Ustronie Morskie<\/span><\/td>\n<\/tr>\n<tr valign=\"TOP\">\n<td width=\"133\"><span style=\"color: #000000;\">14.<\/span><\/td>\n<td width=\"127\"><span style=\"color: #000000;\">Mistrzostwa \u015awiata Os\u00f3b Niepe\u0142nosprawnych w Szachach . <\/span><\/td>\n<td width=\"127\"><span style=\"color: #000000;\">21-30.06.2018<\/span><\/td>\n<td width=\"126\"><span style=\"color: #000000;\">Praga\/Czechy<\/span><\/td>\n<\/tr>\n<tr valign=\"TOP\">\n<td width=\"133\"><span style=\"color: #000000;\">15.<\/span><\/td>\n<td width=\"127\"><span style=\"color: #000000;\">Zawody Sportowe Os\u00f3b Niepe\u0142nosprawnych w Boccia<\/span><\/td>\n<td width=\"127\"><span style=\"color: #000000;\">23-25.06.2018<\/span><\/td>\n<td width=\"126\"><span style=\"color: #000000;\">Jastrz\u0119bia G\u00f3ra<\/span><\/td>\n<\/tr>\n<tr valign=\"TOP\">\n<td width=\"133\"><span style=\"color: #000000;\">16-26<\/span><\/td>\n<td width=\"127\"><span style=\"color: #000000;\">Udzia\u0142 w rozgrywkach III Ligi Tenisa Sto\u0142owego \/sezon 2018-19 \/<\/span><\/td>\n<td width=\"127\"><span style=\"color: #000000;\">IX-XII.2018<\/span><\/td>\n<td width=\"126\"><span style=\"color: #000000;\">Wojew\u00f3dztwo<\/span>&nbsp;<p><\/p>\n<p>&nbsp;<\/p>\n<p><span style=\"color: #000000;\">pomorskie<\/span><\/p>\n<\/td>\n<\/tr>\n<tr valign=\"TOP\">\n<td width=\"133\"><span style=\"color: #000000;\">27.<\/span><\/td>\n<td width=\"127\"><span style=\"color: #000000;\">Og\u00f3lnopolski Turniej Tenisa Sto\u0142owego<\/span><\/td>\n<td width=\"127\"><span style=\"color: #000000;\">7-9.IX.2028<\/span><\/td>\n<td width=\"126\"><span style=\"color: #000000;\">Mausz<\/span>&nbsp;<p><\/p>\n<p>&nbsp;<\/p>\n<p><span style=\"color: #000000;\">Sul\u0119czyno<\/span><\/p>\n<\/td>\n<\/tr>\n<tr valign=\"TOP\">\n<td width=\"133\"><span style=\"color: #000000;\">28.<\/span><\/td>\n<td width=\"127\"><span style=\"color: #000000;\">Zawody Sportowe ON w Tenisie Sto\u0142owym i w Szachach<\/span><\/td>\n<td width=\"127\"><span style=\"color: #000000;\">21-23.IX.2018<\/span><\/td>\n<td width=\"126\"><span style=\"color: #000000;\">Jastrz\u0119bia G\u00f3ra<\/span><\/td>\n<\/tr>\n<tr valign=\"TOP\">\n<td width=\"133\"><span style=\"color: #000000;\">29.<\/span><\/td>\n<td width=\"127\"><span style=\"color: #000000;\">II \u201eGRAND PRIX\u201d Polski w Tenisie Sto\u0142owym<\/span><\/td>\n<td width=\"127\"><span style=\"color: #000000;\">28-30.IX.2018<\/span><\/td>\n<td width=\"126\"><span style=\"color: #000000;\">Gda\u0144sk<\/span><\/td>\n<\/tr>\n<tr valign=\"TOP\">\n<td width=\"133\"><span style=\"color: #000000;\">30.<\/span><\/td>\n<td width=\"127\"><span style=\"color: #000000;\">Og\u00f3lnopolski Turniej Boccia<\/span><\/td>\n<td width=\"127\"><span style=\"color: #000000;\">6-7.X.2018<\/span><\/td>\n<td width=\"126\"><span style=\"color: #000000;\">Mausz<\/span>&nbsp;<p><\/p>\n<p>&nbsp;<\/p>\n<p><span style=\"color: #000000;\">Sul\u0119czyno<\/span><\/p>\n<\/td>\n<\/tr>\n<tr valign=\"TOP\">\n<td width=\"133\"><span style=\"color: #000000;\">31.<\/span><\/td>\n<td width=\"127\"><span style=\"color: #000000;\">Puchar Polski Os\u00f3b Niepe\u0142nosprawnych w Boccia<\/span><\/td>\n<td width=\"127\"><span style=\"color: #000000;\">12-14.X.2018<\/span><\/td>\n<td width=\"126\"><span style=\"color: #000000;\">Konin<\/span><\/td>\n<\/tr>\n<tr valign=\"TOP\">\n<td width=\"133\"><span style=\"color: #000000;\">32.<\/span><\/td>\n<td width=\"127\"><span style=\"color: #000000;\">Mistrzostwa Polski w Szachach Szybkich i B\u0142yskawicznych<\/span><\/td>\n<td width=\"127\"><span style=\"color: #000000;\">19-21.X.2018<\/span><\/td>\n<td width=\"126\"><span style=\"color: #000000;\">Gorz\u00f3w Wlkp.<\/span><\/td>\n<\/tr>\n<tr valign=\"TOP\">\n<td width=\"133\"><span style=\"color: #000000;\">13.<\/span><\/td>\n<td width=\"127\"><span style=\"color: #000000;\">III \u201eGRAND PRIX\u201d Polski w Tenisie Sto\u0142owym<\/span><\/td>\n<td width=\"127\"><span style=\"color: #000000;\">26-28.X.2018<\/span><\/td>\n<td width=\"126\"><span style=\"color: #000000;\">Gda\u0144sk<\/span><\/td>\n<\/tr>\n<tr valign=\"TOP\">\n<td width=\"133\"><span style=\"color: #000000;\">34.<\/span><\/td>\n<td width=\"127\"><span style=\"color: #000000;\">Indywidualne Mistrzostwa Polski w Tenisie Sto\u0142owym -fina\u0142y<\/span><\/td>\n<td width=\"127\"><span style=\"color: #000000;\">9-11.XI.2018<\/span><\/td>\n<td width=\"126\"><span style=\"color: #000000;\">Drzonk\u00f3w \/ k Zielonej G\u00f3ry <\/span><\/td>\n<\/tr>\n<tr valign=\"TOP\">\n<td width=\"133\"><span style=\"color: #000000;\">35.<\/span><\/td>\n<td width=\"127\"><span style=\"color: #000000;\">XXV Og\u00f3lnopolskie Zawody Sportowe w ramach Obchod\u00f3w \u015awiatowego Dnia Os\u00f3b Niepe\u0142nosprawnych<\/span><\/td>\n<td width=\"127\"><span style=\"color: #000000;\">1-2.XII.2018<\/span><\/td>\n<td width=\"126\"><span style=\"color: #000000;\">Grudzi\u0105dz<\/span><\/td>\n<\/tr>\n<tr valign=\"TOP\">\n<td width=\"133\"><span style=\"color: #000000;\">36.<\/span><\/td>\n<td width=\"127\"><span style=\"color: #000000;\"><span style=\"font-size: small;\">Mi\u0119dzynarodowe Zawody w Boccia<\/span><\/span><\/td>\n<td width=\"127\"><span style=\"color: #000000;\">7-9.XII.2018<\/span><\/td>\n<td width=\"126\"><span style=\"color: #000000;\">Konopiska<\/span>&nbsp;<p><\/p>\n<p>&nbsp;<\/p>\n<p><span style=\"color: #000000;\">k\/Cz\u0119stochowy<\/span><\/p>\n<\/td>\n<\/tr>\n<\/tbody>\n<\/table>\n<p style=\"text-align: center;\"><span style=\"font-size: x-large;\"><b>Kalendarz Imprez Sportowo \u2013 Integracyjnych<\/b><\/span><\/p>\n<p style=\"text-align: center;\"><span style=\"font-size: x-large;\"><b>na 2017 r.<\/b><\/span><\/p>\n<table style=\"height: 1500px;\" border=\"1\" width=\"817\" cellspacing=\"0\" cellpadding=\"7\">\n<colgroup>\n<col width=\"29\">\n<col width=\"273\">\n<col width=\"116\">\n<col width=\"128\"> <\/colgroup>\n<tbody>\n<tr valign=\"TOP\">\n<td width=\"29\"><span style=\"font-size: x-large;\"><b>Lp.<\/b><\/span><\/td>\n<td width=\"273\"><span style=\"font-size: x-large;\"><b>Impreza<\/b><\/span><\/td>\n<td width=\"116\"><span style=\"font-size: x-large;\"><b>Data<\/b><\/span><\/td>\n<td width=\"128\"><span style=\"font-size: x-large;\"><b>Miejsce<\/b><\/span><\/td>\n<\/tr>\n<tr valign=\"TOP\">\n<td width=\"29\"><span style=\"font-size: medium;\">1-16<\/span><\/td>\n<td width=\"273\"><span style=\"font-size: medium;\">Udzia\u0142 w rozgrywkach IV Ligi Tenisa Sto\u0142owego<\/span><\/td>\n<td width=\"116\"><span style=\"font-size: medium;\">I \u2013 IV 2017 r.<\/span>&nbsp;<p><\/p>\n<p>&nbsp;<\/p>\n<p><span style=\"font-size: medium;\">IX \u2013 XII 2017 r. <\/span><\/p>\n<\/td>\n<td width=\"128\"><span style=\"font-size: medium;\">wojew\u00f3dztwo<\/span>&nbsp;<p><\/p>\n<p>&nbsp;<\/p>\n<p><span style=\"font-size: medium;\">pomorskie<\/span><\/p>\n<\/td>\n<\/tr>\n<tr valign=\"TOP\">\n<td width=\"29\"><span style=\"font-size: medium;\">17<\/span><\/td>\n<td width=\"273\"><span style=\"font-size: medium;\">XVII Mi\u0119dzynarodowy Turniej Szachowy o Puchar Prezydenta Raciborza<\/span><\/td>\n<td width=\"116\">&nbsp;<\/td>\n<td width=\"128\"><span style=\"font-size: medium;\">Racib\u00f3rz<\/span><\/td>\n<\/tr>\n<tr valign=\"TOP\">\n<td width=\"29\"><span style=\"font-size: medium;\">18<\/span><\/td>\n<td width=\"273\"><span style=\"font-size: medium;\">XXVII Mi\u0119dzynarodowy Turniej Szachowy o Puchar G\u00f3r Opawskich<\/span><\/td>\n<td width=\"116\">&nbsp;<\/td>\n<td width=\"128\"><span style=\"font-size: medium;\">Pokrzywna<\/span><\/td>\n<\/tr>\n<tr valign=\"TOP\">\n<td width=\"29\"><span style=\"font-size: medium;\">19<\/span><\/td>\n<td width=\"273\"><span style=\"font-size: medium;\">Otwarte Mistrzostwa Powiatu Wejherowskiego w Boccia<\/span><\/td>\n<td width=\"116\"><span style=\"font-size: medium;\">8 \u2013 9 IV 2017 r. <\/span>&nbsp;<p><\/p>\n<p>&nbsp;<\/p>\n<p><span style=\"font-size: medium;\">22 \u2013 23 IV 2017 r.<\/span><\/p>\n<\/td>\n<td width=\"128\"><span style=\"font-size: medium;\">Wejherowo<\/span><\/td>\n<\/tr>\n<tr valign=\"TOP\">\n<td width=\"29\"><span style=\"font-size: medium;\">20<\/span><\/td>\n<td width=\"273\"><span style=\"font-size: medium;\">Og\u00f3lnopolski Turniej Os\u00f3b Niepe\u0142nosprawnych w Boccia<\/span><\/td>\n<td width=\"116\">&nbsp;<\/td>\n<td width=\"128\"><span style=\"font-size: medium;\">Sul\u0119czyno<\/span><\/td>\n<\/tr>\n<tr valign=\"TOP\">\n<td width=\"29\"><span style=\"font-size: medium;\">21<\/span><\/td>\n<td width=\"273\"><span style=\"font-size: medium;\">Mi\u0119dzynarodowe Zawody w Boccia<\/span><\/td>\n<td width=\"116\"><span style=\"font-size: medium;\">25 \u2013 28 V 2017 r.<\/span><\/td>\n<td width=\"128\"><span style=\"font-size: medium;\">Konopiska k\/<\/span>&nbsp;<p><\/p>\n<p>&nbsp;<\/p>\n<p><span style=\"font-size: medium;\">Cz\u0119stochowy<\/span><\/p>\n<\/td>\n<\/tr>\n<tr valign=\"TOP\">\n<td width=\"29\"><span style=\"font-size: medium;\">22<\/span><\/td>\n<td width=\"273\"><span style=\"font-size: medium;\">Zawody Sportowe Niepe\u0142nosprawnych w Tenisie Sto\u0142owym, Boccia i Szachach<\/span><\/td>\n<td width=\"116\"><span style=\"font-size: medium;\">12 \u2013 14 V 2017 r.<\/span><\/td>\n<td width=\"128\"><span style=\"font-size: medium;\">Jastrz\u0119bia G\u00f3ra<\/span><\/td>\n<\/tr>\n<tr valign=\"TOP\">\n<td width=\"29\"><span style=\"font-size: medium;\">23<\/span><\/td>\n<td width=\"273\"><span style=\"font-size: medium;\">I GRAND PRIX Polski w Tenisie Sto\u0142owym<\/span><\/td>\n<td width=\"116\"><span style=\"font-size: medium;\">21 \u2013 23 IV 2017 r.<\/span><\/td>\n<td width=\"128\"><span style=\"font-size: medium;\">Gda\u0144sk<\/span><\/td>\n<\/tr>\n<tr valign=\"TOP\">\n<td width=\"29\"><span style=\"font-size: medium;\">24<\/span><\/td>\n<td width=\"273\"><span style=\"font-size: medium;\">Og\u00f3lnopolski Turniej Tenisa Sto\u0142owego<\/span><\/td>\n<td width=\"116\"><span style=\"font-size: medium;\">8 \u2013 10 IX 2017 r.<\/span><\/td>\n<td width=\"128\"><span style=\"font-size: medium;\">Sul\u0119czyno<\/span><\/td>\n<\/tr>\n<tr valign=\"TOP\">\n<td width=\"29\"><span style=\"font-size: medium;\">25<\/span><\/td>\n<td width=\"273\"><span style=\"font-size: medium;\">IV Memoria\u0142 im. Adama Borczucha w Tenisie Sto\u0142owym<\/span><\/td>\n<td width=\"116\"><span style=\"font-size: medium;\">15 \u2013 17 IX 2017 r.<\/span><\/td>\n<td width=\"128\"><span style=\"font-size: medium;\">Radom<\/span><\/td>\n<\/tr>\n<tr valign=\"TOP\">\n<td width=\"29\"><span style=\"font-size: medium;\">26<\/span><\/td>\n<td width=\"273\"><span style=\"font-size: medium;\">Festyn Sportowo \u2013 Rekreacyjny dla os\u00f3b niepe\u0142nosprawnych<\/span><\/td>\n<td width=\"116\"><span style=\"font-size: medium;\">22 \u2013 24 IX 2017 r.<\/span><\/td>\n<td width=\"128\"><span style=\"font-size: medium;\">Jastrz\u0119bia G\u00f3ra<\/span><\/td>\n<\/tr>\n<tr valign=\"TOP\">\n<td width=\"29\"><span style=\"font-size: medium;\">27<\/span><\/td>\n<td width=\"273\"><span style=\"font-size: medium;\">II GRAND PRIX Polski w Tenisie Sto\u0142owym<\/span><\/td>\n<td width=\"116\"><span style=\"font-size: medium;\">2 &#8211; 4 VI 2017 r.<\/span><\/td>\n<td width=\"128\"><span style=\"font-size: medium;\">Gda\u0144sk<\/span><\/td>\n<\/tr>\n<tr valign=\"TOP\">\n<td width=\"29\"><span style=\"font-size: medium;\">28<\/span><\/td>\n<td width=\"273\"><span style=\"font-size: medium;\">Og\u00f3lnopolski Turniej Boccia<\/span><\/td>\n<td width=\"116\"><span style=\"font-size: medium;\">29 \u2013 30 IX 2017 r.<\/span><\/td>\n<td width=\"128\"><span style=\"font-size: medium;\">Szczecin<\/span><\/td>\n<\/tr>\n<tr valign=\"TOP\">\n<td width=\"29\"><span style=\"font-size: medium;\">29<\/span><\/td>\n<td width=\"273\"><span style=\"font-size: medium;\">III GRAND PRIX Polski w Tenisie Sto\u0142owym<\/span><\/td>\n<td width=\"116\"><span style=\"font-size: medium;\">13 \u2013 15 X 2017 r.<\/span><\/td>\n<td width=\"128\"><span style=\"font-size: medium;\">Gda\u0144sk<\/span><\/td>\n<\/tr>\n<tr valign=\"TOP\">\n<td width=\"29\"><span style=\"font-size: medium;\">30<\/span><\/td>\n<td width=\"273\"><span style=\"font-size: medium;\">Turniej \u2018\u201950 lecia\u2019\u2019 w Tenisie Sto\u0142owym o Puchar Starosty powiatu Wejherowskiego<\/span><\/td>\n<td width=\"116\"><span style=\"font-size: medium;\">Listopad 2017 r.<\/span><\/td>\n<td width=\"128\"><span style=\"font-size: medium;\">Wejherowo<\/span><\/td>\n<\/tr>\n<tr valign=\"TOP\">\n<td width=\"29\"><span style=\"font-size: medium;\">31<\/span><\/td>\n<td width=\"273\"><span style=\"font-size: medium;\">Mistrzostwa Polski w Szachach Szybkich i B\u0142yskawicznych<\/span><\/td>\n<td width=\"116\"><span style=\"font-size: medium;\">12 \u2013 15 X 2017 r.<\/span><\/td>\n<td width=\"128\"><span style=\"font-size: medium;\">Gorz\u00f3w Wlkp.<\/span><\/td>\n<\/tr>\n<tr valign=\"TOP\">\n<td width=\"29\"><span style=\"font-size: medium;\">32<\/span><\/td>\n<td width=\"273\"><span style=\"font-size: medium;\">Dru\u017cynowe Mistrzostwa Polski w Tenisie Sto\u0142owym<\/span><\/td>\n<td width=\"116\">&nbsp;<\/td>\n<td width=\"128\"><span style=\"font-size: medium;\">Gda\u0144sk<\/span><\/td>\n<\/tr>\n<tr valign=\"TOP\">\n<td width=\"29\"><span style=\"font-size: medium;\">33<\/span><\/td>\n<td width=\"273\"><span style=\"font-size: medium;\">XXV Og\u00f3lnopolskie Zawody Sportowe<\/span>&nbsp;<p><\/p>\n<p>&nbsp;<\/p>\n<p><span style=\"font-size: medium;\">w Ramach Obchod\u00f3w \u015awiatowego Dnia Os\u00f3b Niepe\u0142nosprawnych <\/span><\/p>\n<\/td>\n<td width=\"116\"><span style=\"font-size: medium;\">1 -3 XII 2017 r.<\/span><\/td>\n<td width=\"128\"><span style=\"font-size: medium;\">Grudzi\u0105dz<\/span><\/td>\n<\/tr>\n<tr valign=\"TOP\">\n<td width=\"29\"><span style=\"font-size: medium;\">34<\/span><\/td>\n<td width=\"273\"><span style=\"font-size: medium;\">Indywidualne Mistrzostwa Polski w Tenisie Sto\u0142owym &#8211; fina\u0142y<\/span><\/td>\n<td width=\"116\"><span style=\"font-size: medium;\">1 \u2013 3 XII 2017 r.<\/span><\/td>\n<td width=\"128\"><span style=\"font-size: medium;\">Gda\u0144sk<\/span><\/td>\n<\/tr>\n<\/tbody>\n<\/table>","protected":false},"excerpt":{"rendered":"<p>&nbsp;&nbsp; &nbsp; &nbsp; &nbsp; &nbsp; &nbsp; &nbsp; Kalendarz Imprez Sportowo \u2013 Integracyjnych &nbsp; &nbsp; &nbsp; &nbsp; &nbsp; &nbsp; &nbsp; &nbsp; &nbsp; &nbsp; &nbsp; &nbsp; &nbsp; &nbsp; &nbsp; &nbsp; &nbsp; &nbsp; &nbsp; &nbsp; &nbsp; &nbsp; &nbsp; &nbsp; na 2023 r. Lp IMPREZA &nbsp; &nbsp; &nbsp; &nbsp; DATA &nbsp;&nbsp; MIEJSCE &nbsp; 1. Mistrzostwa Polski Os\u00f3b Niepe\u0142nosprawnych w [&hellip;]<\/p>\n","protected":false},"author":2,"featured_media":0,"parent":0,"menu_order":0,"comment_status":"open","ping_status":"open","template":"","meta":{"ngg_post_thumbnail":0},"_links":{"self":[{"href":"http:\/\/startwejherowo.pl\/index.php?rest_route=\/wp\/v2\/pages\/12"}],"collection":[{"href":"http:\/\/startwejherowo.pl\/index.php?rest_route=\/wp\/v2\/pages"}],"about":[{"href":"http:\/\/startwejherowo.pl\/index.php?rest_route=\/wp\/v2\/types\/page"}],"author":[{"embeddable":true,"href":"http:\/\/startwejherowo.pl\/index.php?rest_route=\/wp\/v2\/users\/2"}],"replies":[{"embeddable":true,"href":"http:\/\/startwejherowo.pl\/index.php?rest_route=%2Fwp%2Fv2%2Fcomments&post=12"}],"version-history":[{"count":25,"href":"http:\/\/startwejherowo.pl\/index.php?rest_route=\/wp\/v2\/pages\/12\/revisions"}],"predecessor-version":[{"id":1595,"href":"http:\/\/startwejherowo.pl\/index.php?rest_route=\/wp\/v2\/pages\/12\/revisions\/1595"}],"wp:attachment":[{"href":"http:\/\/startwejherowo.pl\/index.php?rest_route=%2Fwp%2Fv2%2Fmedia&parent=12"}],"curies":[{"name":"wp","href":"https:\/\/api.w.org\/{rel}","templated":true}]}}